{"id":1388,"date":"2026-04-06T15:26:25","date_gmt":"2026-04-06T15:26:25","guid":{"rendered":"https:\/\/cafedafazendamg.com\/?post_type=product&#038;p=1388"},"modified":"2026-04-08T15:19:14","modified_gmt":"2026-04-08T15:19:14","slug":"cafe-da-fazenda-safra-limitada-selo-marron-torrado-e-moido","status":"publish","type":"product","link":"https:\/\/cafedafazendamg.com\/pt\/produto\/cafe-da-fazenda-safra-limitada-selo-marron-torrado-e-moido\/","title":{"rendered":"Caf\u00e9 da Fazenda &#8211; Safra Limitada &#8211; Selo Marrom &#8211; Torrado e Mo\u00eddo"},"content":{"rendered":"<p>Nossos Caf\u00e9s Edi\u00e7\u00e3o Limitada s\u00e3o caf\u00e9s em microlotes, em sua maioria provenientes de produtores da agricultura familiar, com notas acima de 85 pontos. Caf\u00e9s de alta qualidade, torrados em pequenos lotes, alcan\u00e7am um equil\u00edbrio perfeito entre aroma e sabor. Os selos em diversas cores oferecem rastreabilidade desde o produto at\u00e9 a x\u00edcara, informando os tipos de caf\u00e9, seus respectivos produtores e regi\u00f5es de cultivo. Escolhido especialmente para quem sabe apreciar os bons prazeres da vida.<\/p>","protected":false},"excerpt":{"rendered":"<p>Selo Marrom \u00e9 um caf\u00e9 especial de Safra Limitada, sua torra m\u00e9dia a clara real\u00e7a um perfil arom\u00e1tico sofisticado e complexo, com notas de <strong data-start=\"543\" data-end=\"601\">frutas roxas, azeitona madura, pimenta rosa e rapadura<\/strong>. Na x\u00edcara, apresenta <strong data-start=\"624\" data-end=\"686\">acidez equilibrada, corpo encorpado e finaliza\u00e7\u00e3o elegante<\/strong>, proporcionando um caf\u00e9 intenso e ao mesmo tempo harmonioso. Perfeito para quem busca um caf\u00e9 diferenciado, com personalidade e origem controlada.<\/p>","protected":false},"featured_media":1392,"comment_status":"open","ping_status":"closed","template":"","meta":[],"product_cat":[35],"product_tag":[37,36],"yoast_head":"<!-- This site is optimized with the Yoast SEO plugin v21.9.1 - https:\/\/yoast.com\/wordpress\/plugins\/seo\/ -->\n<title>Caf\u00e9 da Fazenda - Safra Limitada - Selo Marrom - Torrado e Mo\u00eddo - Cafe da Fazenda<\/title>\n<meta name=\"robots\" content=\"index, follow, max-snippet:-1, max-image-preview:large, max-video-preview:-1\" \/>\n<link rel=\"canonical\" href=\"https:\/\/cafedafazendamg.com\/pt\/produto\/cafe-da-fazenda-safra-limitada-selo-marron-torrado-e-moido\/\" \/>\n<meta property=\"og:locale\" content=\"pt_BR\" \/>\n<meta property=\"og:type\" content=\"article\" \/>\n<meta property=\"og:title\" content=\"Caf\u00e9 da Fazenda - Safra Limitada - Selo Marrom - Torrado e Mo\u00eddo - Cafe da Fazenda\" \/>\n<meta property=\"og:description\" content=\"Selo Marrom \u00e9 um caf\u00e9 especial de Safra Limitada, sua torra m\u00e9dia a clara real\u00e7a um perfil arom\u00e1tico sofisticado e complexo, com notas de frutas roxas, azeitona madura, pimenta rosa e rapadura. Na x\u00edcara, apresenta acidez equilibrada, corpo encorpado e finaliza\u00e7\u00e3o elegante, proporcionando um caf\u00e9 intenso e ao mesmo tempo harmonioso. Perfeito para quem busca um caf\u00e9 diferenciado, com personalidade e origem controlada.\" \/>\n<meta property=\"og:url\" content=\"https:\/\/cafedafazendamg.com\/pt\/produto\/cafe-da-fazenda-safra-limitada-selo-marron-torrado-e-moido\/\" \/>\n<meta property=\"og:site_name\" content=\"Cafe da Fazenda\" \/>\n<meta property=\"article:modified_time\" content=\"2026-04-08T15:19:14+00:00\" \/>\n<meta property=\"og:image\" content=\"https:\/\/cafedafazendamg.com\/wp-content\/uploads\/2026\/04\/marrom-1.jpeg\" \/>\n\t<meta property=\"og:image:width\" content=\"1200\" \/>\n\t<meta property=\"og:image:height\" content=\"1600\" \/>\n\t<meta property=\"og:image:type\" content=\"image\/jpeg\" \/>\n<meta name=\"twitter:card\" content=\"summary_large_image\" \/>\n<meta name=\"twitter:label1\" content=\"Est. tempo de leitura\" \/>\n\t<meta name=\"twitter:data1\" content=\"1 minuto\" \/>\n<script type=\"application\/ld+json\" class=\"yoast-schema-graph\">{\"@context\":\"https:\/\/schema.org\",\"@graph\":[{\"@type\":\"WebPage\",\"@id\":\"https:\/\/cafedafazendamg.com\/product\/cafe-da-fazenda-safra-limitada-selo-marron-torrado-e-moido\/\",\"url\":\"https:\/\/cafedafazendamg.com\/product\/cafe-da-fazenda-safra-limitada-selo-marron-torrado-e-moido\/\",\"name\":\"Caf\u00e9 da Fazenda - Safra Limitada - Selo Marrom - Torrado e Mo\u00eddo - Cafe da Fazenda\",\"isPartOf\":{\"@id\":\"https:\/\/cafedafazendamg.com\/#website\"},\"datePublished\":\"2026-04-06T15:26:25+00:00\",\"dateModified\":\"2026-04-08T15:19:14+00:00\",\"breadcrumb\":{\"@id\":\"https:\/\/cafedafazendamg.com\/product\/cafe-da-fazenda-safra-limitada-selo-marron-torrado-e-moido\/#breadcrumb\"},\"inLanguage\":\"pt-BR\",\"potentialAction\":[{\"@type\":\"ReadAction\",\"target\":[\"https:\/\/cafedafazendamg.com\/product\/cafe-da-fazenda-safra-limitada-selo-marron-torrado-e-moido\/\"]}]},{\"@type\":\"BreadcrumbList\",\"@id\":\"https:\/\/cafedafazendamg.com\/product\/cafe-da-fazenda-safra-limitada-selo-marron-torrado-e-moido\/#breadcrumb\",\"itemListElement\":[{\"@type\":\"ListItem\",\"position\":1,\"name\":\"Home\",\"item\":\"https:\/\/cafedafazendamg.com\/\"},{\"@type\":\"ListItem\",\"position\":2,\"name\":\"Shop\",\"item\":\"https:\/\/cafedafazendamg.com\/shop\/\"},{\"@type\":\"ListItem\",\"position\":3,\"name\":\"Caf\u00e9 da Fazenda &#8211; Safra Limitada &#8211; Selo Marrom &#8211; Torrado e Mo\u00eddo\"}]},{\"@type\":\"WebSite\",\"@id\":\"https:\/\/cafedafazendamg.com\/#website\",\"url\":\"https:\/\/cafedafazendamg.com\/\",\"name\":\"Cafe da Fazenda\",\"description\":\"O Puro Sabor do Caf\u00e9\",\"publisher\":{\"@id\":\"https:\/\/cafedafazendamg.com\/#organization\"},\"potentialAction\":[{\"@type\":\"SearchAction\",\"target\":{\"@type\":\"EntryPoint\",\"urlTemplate\":\"https:\/\/cafedafazendamg.com\/?s={search_term_string}\"},\"query-input\":\"required name=search_term_string\"}],\"inLanguage\":\"pt-BR\"},{\"@type\":\"Organization\",\"@id\":\"https:\/\/cafedafazendamg.com\/#organization\",\"name\":\"Cafe da Fazenda\",\"url\":\"https:\/\/cafedafazendamg.com\/\",\"logo\":{\"@type\":\"ImageObject\",\"inLanguage\":\"pt-BR\",\"@id\":\"https:\/\/cafedafazendamg.com\/#\/schema\/logo\/image\/\",\"url\":\"https:\/\/cafedafazendamg.com\/wp-content\/uploads\/2022\/09\/1658517167_logo_cafe_sem_fundo.webp\",\"contentUrl\":\"https:\/\/cafedafazendamg.com\/wp-content\/uploads\/2022\/09\/1658517167_logo_cafe_sem_fundo.webp\",\"width\":500,\"height\":500,\"caption\":\"Cafe da Fazenda\"},\"image\":{\"@id\":\"https:\/\/cafedafazendamg.com\/#\/schema\/logo\/image\/\"}}]}<\/script>\n<!-- \/ Yoast SEO plugin. -->","yoast_head_json":{"title":"Caf\u00e9 da Fazenda - Safra Limitada - Selo Marrom - Torrado e Mo\u00eddo - Cafe da Fazenda","robots":{"index":"index","follow":"follow","max-snippet":"max-snippet:-1","max-image-preview":"max-image-preview:large","max-video-preview":"max-video-preview:-1"},"canonical":"https:\/\/cafedafazendamg.com\/pt\/produto\/cafe-da-fazenda-safra-limitada-selo-marron-torrado-e-moido\/","og_locale":"pt_BR","og_type":"article","og_title":"Caf\u00e9 da Fazenda - Safra Limitada - Selo Marrom - Torrado e Mo\u00eddo - Cafe da Fazenda","og_description":"Selo Marrom \u00e9 um caf\u00e9 especial de Safra Limitada, sua torra m\u00e9dia a clara real\u00e7a um perfil arom\u00e1tico sofisticado e complexo, com notas de frutas roxas, azeitona madura, pimenta rosa e rapadura. Na x\u00edcara, apresenta acidez equilibrada, corpo encorpado e finaliza\u00e7\u00e3o elegante, proporcionando um caf\u00e9 intenso e ao mesmo tempo harmonioso. Perfeito para quem busca um caf\u00e9 diferenciado, com personalidade e origem controlada.","og_url":"https:\/\/cafedafazendamg.com\/pt\/produto\/cafe-da-fazenda-safra-limitada-selo-marron-torrado-e-moido\/","og_site_name":"Cafe da Fazenda","article_modified_time":"2026-04-08T15:19:14+00:00","og_image":[{"width":1200,"height":1600,"url":"https:\/\/cafedafazendamg.com\/wp-content\/uploads\/2026\/04\/marrom-1.jpeg","type":"image\/jpeg"}],"twitter_card":"summary_large_image","twitter_misc":{"Est. tempo de leitura":"1 minuto"},"schema":{"@context":"https:\/\/schema.org","@graph":[{"@type":"WebPage","@id":"https:\/\/cafedafazendamg.com\/product\/cafe-da-fazenda-safra-limitada-selo-marron-torrado-e-moido\/","url":"https:\/\/cafedafazendamg.com\/product\/cafe-da-fazenda-safra-limitada-selo-marron-torrado-e-moido\/","name":"Caf\u00e9 da Fazenda - Safra Limitada - Selo Marrom - Torrado e Mo\u00eddo - Cafe da Fazenda","isPartOf":{"@id":"https:\/\/cafedafazendamg.com\/#website"},"datePublished":"2026-04-06T15:26:25+00:00","dateModified":"2026-04-08T15:19:14+00:00","breadcrumb":{"@id":"https:\/\/cafedafazendamg.com\/product\/cafe-da-fazenda-safra-limitada-selo-marron-torrado-e-moido\/#breadcrumb"},"inLanguage":"pt-BR","potentialAction":[{"@type":"ReadAction","target":["https:\/\/cafedafazendamg.com\/product\/cafe-da-fazenda-safra-limitada-selo-marron-torrado-e-moido\/"]}]},{"@type":"BreadcrumbList","@id":"https:\/\/cafedafazendamg.com\/product\/cafe-da-fazenda-safra-limitada-selo-marron-torrado-e-moido\/#breadcrumb","itemListElement":[{"@type":"ListItem","position":1,"name":"Home","item":"https:\/\/cafedafazendamg.com\/"},{"@type":"ListItem","position":2,"name":"Shop","item":"https:\/\/cafedafazendamg.com\/shop\/"},{"@type":"ListItem","position":3,"name":"Caf\u00e9 da Fazenda &#8211; Safra Limitada &#8211; Selo Marrom &#8211; Torrado e Mo\u00eddo"}]},{"@type":"WebSite","@id":"https:\/\/cafedafazendamg.com\/#website","url":"https:\/\/cafedafazendamg.com\/","name":"Cafe da Fazenda","description":"O Puro Sabor do Caf\u00e9","publisher":{"@id":"https:\/\/cafedafazendamg.com\/#organization"},"potentialAction":[{"@type":"SearchAction","target":{"@type":"EntryPoint","urlTemplate":"https:\/\/cafedafazendamg.com\/?s={search_term_string}"},"query-input":"required name=search_term_string"}],"inLanguage":"pt-BR"},{"@type":"Organization","@id":"https:\/\/cafedafazendamg.com\/#organization","name":"Cafe da Fazenda","url":"https:\/\/cafedafazendamg.com\/","logo":{"@type":"ImageObject","inLanguage":"pt-BR","@id":"https:\/\/cafedafazendamg.com\/#\/schema\/logo\/image\/","url":"https:\/\/cafedafazendamg.com\/wp-content\/uploads\/2022\/09\/1658517167_logo_cafe_sem_fundo.webp","contentUrl":"https:\/\/cafedafazendamg.com\/wp-content\/uploads\/2022\/09\/1658517167_logo_cafe_sem_fundo.webp","width":500,"height":500,"caption":"Cafe da Fazenda"},"image":{"@id":"https:\/\/cafedafazendamg.com\/#\/schema\/logo\/image\/"}}]}},"_links":{"self":[{"href":"https:\/\/cafedafazendamg.com\/pt\/wp-json\/wp\/v2\/product\/1388"}],"collection":[{"href":"https:\/\/cafedafazendamg.com\/pt\/wp-json\/wp\/v2\/product"}],"about":[{"href":"https:\/\/cafedafazendamg.com\/pt\/wp-json\/wp\/v2\/types\/product"}],"replies":[{"embeddable":true,"href":"https:\/\/cafedafazendamg.com\/pt\/wp-json\/wp\/v2\/comments?post=1388"}],"wp:featuredmedia":[{"embeddable":true,"href":"https:\/\/cafedafazendamg.com\/pt\/wp-json\/wp\/v2\/media\/1392"}],"wp:attachment":[{"href":"https:\/\/cafedafazendamg.com\/pt\/wp-json\/wp\/v2\/media?parent=1388"}],"wp:term":[{"taxonomy":"product_cat","embeddable":true,"href":"https:\/\/cafedafazendamg.com\/pt\/wp-json\/wp\/v2\/product_cat?post=1388"},{"taxonomy":"product_tag","embeddable":true,"href":"https:\/\/cafedafazendamg.com\/pt\/wp-json\/wp\/v2\/product_tag?post=1388"}],"curies":[{"name":"wp","href":"https:\/\/api.w.org\/{rel}","templated":true}]}}